{"id":4772,"date":"2025-12-05T10:43:06","date_gmt":"2025-12-05T10:43:06","guid":{"rendered":"https:\/\/previntegral.com\/producto\/especialitat-en-treballs-de-fabricacio-i-muntatge-delements-prefabricats\/"},"modified":"2026-03-16T18:32:32","modified_gmt":"2026-03-16T18:32:32","slug":"especializados-en-la-fabricacion-y-el-montaje-de-elementos-prefabricados","status":"publish","type":"product","link":"https:\/\/previntegral.com\/es\/producto\/especialitat-en-treballs-de-fabricacio-i-muntatge-delements-prefabricats\/","title":{"rendered":"Especializados en la fabricaci\u00f3n y el montaje de elementos prefabricados."},"content":{"rendered":"<p>Si trabajas en el sector de la construcci\u00f3n, este curso presencial de 6 horas est\u00e1 pensado para ti. En \u00e9l, adquirir\u00e1s los conocimientos esenciales para cumplir con la <strong>formaci\u00f3n en prevenci\u00f3n de riesgos laborales<\/strong> tal y como se establece en el convenio colectivo sectorial, prestando especial atenci\u00f3n a las tareas de fabricaci\u00f3n y montaje de elementos prefabricados. La formaci\u00f3n combina un componente com\u00fan, obligatorio para todos los oficios, con una secci\u00f3n espec\u00edfica que aborda las particularidades de este oficio, garantizando as\u00ed una preparaci\u00f3n integral. Adem\u00e1s de cumplir con los requisitos legales, este curso facilitar\u00e1 su acceso a oportunidades laborales y le ayudar\u00e1 a desempe\u00f1ar sus funciones al m\u00e1ximo. <strong>seguridad<\/strong> y la eficiencia. Se imparte en un centro acreditado por la Construction Labour Foundation y est\u00e1 dirigido a todos los profesionales que deseen actualizar y acreditar sus competencias en esta \u00e1rea fundamental del sector.<\/p>","protected":false},"excerpt":{"rendered":"<p>Si treballes en el sector de la construcci\u00f3, aquest curs de 6 hores presencials est\u00e0 pensat per a tu. En ell, adquirir\u00e0s els coneixements indispensables per complir amb la formaci\u00f3 en prevenci\u00f3 de riscos laborals que marca el conveni col\u00b7lectiu del sector, especialment enfocada en les tasques de fabricaci\u00f3 i muntatge d\u2019elements prefabricats. La formaci\u00f3 [&hellip;]<\/p>\n","protected":false},"featured_media":4774,"comment_status":"open","ping_status":"closed","template":"","meta":{"_acf_changed":false},"product_brand":[],"product_cat":[38],"product_tag":[],"class_list":{"0":"post-4772","1":"product","2":"type-product","3":"status-publish","4":"has-post-thumbnail","6":"product_cat-construccio","8":"first","9":"instock","10":"virtual","11":"taxable","12":"purchasable","13":"product-type-curso"},"acf":[],"precio_regular_curso":150.04,"precio_bonificado_curso":157.3,"_links":{"self":[{"href":"https:\/\/previntegral.com\/es\/wp-json\/wp\/v2\/product\/4772","targetHints":{"allow":["GET"]}}],"collection":[{"href":"https:\/\/previntegral.com\/es\/wp-json\/wp\/v2\/product"}],"about":[{"href":"https:\/\/previntegral.com\/es\/wp-json\/wp\/v2\/types\/product"}],"replies":[{"embeddable":true,"href":"https:\/\/previntegral.com\/es\/wp-json\/wp\/v2\/comments?post=4772"}],"wp:featuredmedia":[{"embeddable":true,"href":"https:\/\/previntegral.com\/es\/wp-json\/wp\/v2\/media\/4774"}],"wp:attachment":[{"href":"https:\/\/previntegral.com\/es\/wp-json\/wp\/v2\/media?parent=4772"}],"wp:term":[{"taxonomy":"product_brand","embeddable":true,"href":"https:\/\/previntegral.com\/es\/wp-json\/wp\/v2\/product_brand?post=4772"},{"taxonomy":"product_cat","embeddable":true,"href":"https:\/\/previntegral.com\/es\/wp-json\/wp\/v2\/product_cat?post=4772"},{"taxonomy":"product_tag","embeddable":true,"href":"https:\/\/previntegral.com\/es\/wp-json\/wp\/v2\/product_tag?post=4772"}],"curies":[{"name":"WordPress","href":"https:\/\/api.w.org\/{rel}","templated":true}]}}